{"id":1037,"date":"2023-10-06T13:13:45","date_gmt":"2023-10-06T11:13:45","guid":{"rendered":"https:\/\/www.subzerowolf.cz\/?page_id=1037"},"modified":"2023-12-04T20:10:23","modified_gmt":"2023-12-04T19:10:23","slug":"wentylacja-kuchenna","status":"publish","type":"page","link":"https:\/\/www.subzerowolf.cz\/pl\/gotowanie\/wentylacja-kuchenna\/","title":{"rendered":"Wentylacja kuchenna"},"content":{"rendered":"<!--themify_builder_content-->\n<div id=\"themify_builder_content-1037\" data-postid=\"1037\" class=\"themify_builder_content themify_builder_content-1037 themify_builder tf_clear\">\n                    <div  data-lazy=\"1\" class=\"module_row themify_builder_row tb_nqi565 tb_first tf_w hide-mobile\">\n            <span class=\"builder_row_cover tf_abs\"><\/span>            <div class=\"row_inner col_align_top tb_col_count_1 tf_box tf_rel\">\n                        <div  data-lazy=\"1\" class=\"module_column tb-column col-full tb_lf9v65 first\">\n                            <\/div>\n                        <\/div>\n        <\/div>\n                        <div  data-lazy=\"1\" class=\"module_row themify_builder_row tb_zol5516 tf_w hide-desktop hide-tablet hide-tablet_landscape\">\n            <span class=\"builder_row_cover tf_abs\"><\/span>            <div class=\"row_inner col_align_top tb_col_count_1 tf_box tf_rel\">\n                        <div  data-lazy=\"1\" class=\"module_column tb-column col-full tb_3ff2516 first\">\n                            <\/div>\n                        <\/div>\n        <\/div>\n                        <div  data-lazy=\"1\" class=\"module_row themify_builder_row tb_hc6h793 tf_w\">\n            <span class=\"builder_row_cover tf_abs\"><\/span>            <div class=\"row_inner col_align_top tb_col_count_1 tf_box tf_rel\">\n                        <div  data-lazy=\"1\" class=\"module_column tb-column col-full tb_nj4h793 first\">\n                    <!-- module text -->\n<div  class=\"module module-text tb_r2t5793   \" data-lazy=\"1\">\n        <div  class=\"tb_text_wrap\">\n        <h1>Wentylacja kuchenna<\/h1>    <\/div>\n<\/div>\n<!-- \/module text --><!-- module divider -->\n<div  class=\"module tf_mw module-divider tb_17hx793 solid  divider-custom divider-center\" style=\"border-width: 1px;border-color: #ccc;margin-bottom: 0px;max-width: 150px;\" data-lazy=\"1\">\n    <\/div>\n<!-- \/module divider -->\n        <\/div>\n                        <\/div>\n        <\/div>\n                        <div  data-lazy=\"1\" class=\"module_row themify_builder_row tb_hodz571 tf_w\">\n            <span class=\"builder_row_cover tf_abs\"><\/span>            <div class=\"row_inner col_align_middle tb_col_count_2 tf_box tf_rel\">\n                        <div  data-lazy=\"1\" class=\"module_column tb-column col4-2 tb_687t571 first\">\n                    <!-- module video -->\n<div  class=\"module module-video tb_gnhn571 video-top  video-autoplay\" data-lazy=\"1\">\n                    <div class=\"video-wrap-outer\">\n            <div class=\"video-wrap tf_rel tf_overflow tf_local_video\">\n                \n                    \n                    <div style=\"width: 640px;\" class=\"wp-video\"><video class=\"wp-video-shortcode\" id=\"video-1037-1\" width=\"640\" height=\"360\" loop autoplay muted data-hide-controls preload=\"metadata\" controls=\"controls\"><source type=\"video\/mp4\" src=\"http:\/\/www.subzerowolf.cz\/wp-content\/uploads\/2023\/10\/Subzero_Master-01.mp4?_=1\" \/><a href=\"http:\/\/www.subzerowolf.cz\/wp-content\/uploads\/2023\/10\/Subzero_Master-01.mp4\">http:\/\/www.subzerowolf.cz\/wp-content\/uploads\/2023\/10\/Subzero_Master-01.mp4<\/a><\/video><\/div>\n                    \n                                <\/div>\n            <!-- \/video-wrap -->\n        <\/div>\n        <!-- \/video-wrap-outer -->\n            <\/div>\n        <\/div>\n                    <div  data-lazy=\"1\" class=\"module_column tb-column col4-2 tb_khzp571 last\">\n                    <!-- module text -->\n<div  class=\"module module-text tb_ch9t571 subzero-wolf-range-description  \" data-lazy=\"1\">\n        <div  class=\"tb_text_wrap\">\n        <p>Wybierz profesjonalny styl lub bardziej wsp\u00f3\u0142czesne opcje, kt\u00f3re mo\u017cna schowa\u0107 poza zasi\u0119giem wzroku lub zainstalowa\u0107 jako uzupe\u0142nienie ka\u017cdego nowoczesnego projektu kuchni. Wydajne sterowanie silnikiem i o\u015bwietlenie LED sprawiaj\u0105, \u017ce obszar gotowania jest jasny, \u015bwie\u017cy i czysty, a filtry mo\u017cna my\u0107 w zmywarce, co u\u0142atwia czyszczenie.<\/p>    <\/div>\n<\/div>\n<!-- \/module text -->        <\/div>\n                        <\/div>\n        <\/div>\n                        <div  data-lazy=\"1\" class=\"module_row themify_builder_row tb_6ols313 tf_w\">\n                        <div class=\"row_inner col_align_top tb_col_count_1 tf_box tf_rel\">\n                        <div  data-lazy=\"1\" class=\"module_column tb-column col-full tb_r6nx313 first\">\n                    <!-- advanced-products module -->\n<div  class=\"module woocommerce module-advanced-products tb_i28t313  themify_builder_content-i28t313\" data-lazy=\"1\">\n\t\t\t<ul class=\"builder-posts-wrap loops-wrapper tbp_posts_wrap products grid4 classic tf_clear tf_clearfix\" data-lazy=\"1\">\n\t\t\n\t\t\n\t\t\t\t\t\t\t\t\t\t\t\t\t\t\t\t\t\t\t\t\t\t\t<li id=\"post-822\" class=\"post tf_clearfix has-post-title has-post-date has-post-category has-post-tag has-post-comment has-post-author product type-product post-822 status-publish first instock product_cat-gotowanie product_cat-wentylacja-kuchenna product_cat-wolf has-post-thumbnail shipping-taxable product-type-simple\">\n\n\t\t\t\t\t\t\t    <div class=\"tbp_advanced_archive_wrap\">\n\t                <div  data-lazy=\"1\" class=\"module_row themify_builder_row tb_3d2h313 tf_w\">\n                        <div class=\"row_inner col_align_top tb_col_count_1 tf_box tf_rel\">\n                        <div  data-lazy=\"1\" class=\"module_column tb-column col-full tb_7msi969 first\">\n                    <!-- Product Image module -->\n<div  class=\"module module-product-image tb_5ytc969   thumb-img-bottom tbp_disable_wc_zoom\" data-lazy=\"1\">\n\t<figure class=\"product-image\">\n\t\t\t\t<a  href=\"https:\/\/www.subzerowolf.cz\/pl\/produkt\/okap-blatowy-91cm-icbdd36\/\">\n\t\t\t\t<img loading=\"lazy\" decoding=\"async\" src=\"https:\/\/www.subzerowolf.cz\/wp-content\/uploads\/2023\/09\/Wolf_Product_ICBDD36-1024x1024-200x200.jpg\" width=\"200\" height=\"200\" class=\"wp-post-image wp-image-823\" title=\"Wolf_Product_ICBDD36\" alt=\"Wolf Okap blatowy - 91cm ICBDD36\" srcset=\"https:\/\/www.subzerowolf.cz\/wp-content\/uploads\/2023\/09\/Wolf_Product_ICBDD36-1024x1024-200x200.jpg 200w, https:\/\/www.subzerowolf.cz\/wp-content\/uploads\/2023\/09\/Wolf_Product_ICBDD36-300x300.jpg 300w, https:\/\/www.subzerowolf.cz\/wp-content\/uploads\/2023\/09\/Wolf_Product_ICBDD36-1024x1024.jpg 1024w, https:\/\/www.subzerowolf.cz\/wp-content\/uploads\/2023\/09\/Wolf_Product_ICBDD36-150x150.jpg 150w, https:\/\/www.subzerowolf.cz\/wp-content\/uploads\/2023\/09\/Wolf_Product_ICBDD36-768x768.jpg 768w, https:\/\/www.subzerowolf.cz\/wp-content\/uploads\/2023\/09\/Wolf_Product_ICBDD36-600x600.jpg 600w, https:\/\/www.subzerowolf.cz\/wp-content\/uploads\/2023\/09\/Wolf_Product_ICBDD36-100x100.jpg 100w, https:\/\/www.subzerowolf.cz\/wp-content\/uploads\/2023\/09\/Wolf_Product_ICBDD36.jpg 1280w\" sizes=\"auto, (max-width: 200px) 100vw, 200px\" \/>\t\t\t\t\t\t<\/a>\n\t<\/figure>\n<\/div>\n<!-- \/Product Image module -->\n<!-- module plain text -->\n<div  class=\"module module-plain-text tb_29bq969 subzero-wolf-product-number\" data-lazy=\"1\">\n        <div class=\"tb_text_wrap\">\n    ICBDD36    <\/div>\n<\/div>\n<!-- \/module plain text --><!-- Product Title module -->\n<div  class=\"module module-product-title tb_u7kk969 \" data-lazy=\"1\">\n\t<h2 class=\"tbp_title\">\n\t<a  href=\"https:\/\/www.subzerowolf.cz\/pl\/produkt\/okap-blatowy-91cm-icbdd36\/\">\n\t\tOkap blatowy &#8211; 91 cm\t\t<\/a>\n<\/h2><\/div>\n<!-- \/Product Title module -->        <\/div>\n                        <\/div>\n        <\/div>\n            <\/div>\n\n\t\t\t\t\t\t\t<\/li>\n\n\t\t\t\t\t\t\t\t\t\t\t\t\t\t\t\t\t\t\t\t\t\t\t\t\t\t\t\t\t\t<li id=\"post-820\" class=\"post tf_clearfix has-post-title has-post-date has-post-category has-post-tag has-post-comment has-post-author product type-product post-820 status-publish instock product_cat-gotowanie product_cat-wentylacja-kuchenna product_cat-wolf has-post-thumbnail shipping-taxable product-type-simple\">\n\n\t\t\t\t\t\t\t    <div class=\"tbp_advanced_archive_wrap\">\n\t                <div  data-lazy=\"1\" class=\"module_row themify_builder_row tb_3d2h313 tf_w\">\n                        <div class=\"row_inner col_align_top tb_col_count_1 tf_box tf_rel\">\n                        <div  data-lazy=\"1\" class=\"module_column tb-column col-full tb_7msi969 first\">\n                    <!-- Product Image module -->\n<div  class=\"module module-product-image tb_5ytc969   thumb-img-bottom tbp_disable_wc_zoom\" data-lazy=\"1\">\n\t<figure class=\"product-image\">\n\t\t\t\t<a  href=\"https:\/\/www.subzerowolf.cz\/pl\/produkt\/okap-serii-pro-76-cm-icbpw302718\/\">\n\t\t\t\t<img loading=\"lazy\" decoding=\"async\" src=\"https:\/\/www.subzerowolf.cz\/wp-content\/uploads\/2023\/09\/Wolf_Product_ICBPW302718-1024x1024-200x200.jpg\" width=\"200\" height=\"200\" class=\"wp-post-image wp-image-821\" title=\"Wolf_Product_ICBPW302718\" alt=\"Wolf Okap serii PRO - 76 cm ICBPW302718\" srcset=\"https:\/\/www.subzerowolf.cz\/wp-content\/uploads\/2023\/09\/Wolf_Product_ICBPW302718-1024x1024-200x200.jpg 200w, https:\/\/www.subzerowolf.cz\/wp-content\/uploads\/2023\/09\/Wolf_Product_ICBPW302718-300x300.jpg 300w, https:\/\/www.subzerowolf.cz\/wp-content\/uploads\/2023\/09\/Wolf_Product_ICBPW302718-1024x1024.jpg 1024w, https:\/\/www.subzerowolf.cz\/wp-content\/uploads\/2023\/09\/Wolf_Product_ICBPW302718-150x150.jpg 150w, https:\/\/www.subzerowolf.cz\/wp-content\/uploads\/2023\/09\/Wolf_Product_ICBPW302718-768x768.jpg 768w, https:\/\/www.subzerowolf.cz\/wp-content\/uploads\/2023\/09\/Wolf_Product_ICBPW302718-600x600.jpg 600w, https:\/\/www.subzerowolf.cz\/wp-content\/uploads\/2023\/09\/Wolf_Product_ICBPW302718-100x100.jpg 100w, https:\/\/www.subzerowolf.cz\/wp-content\/uploads\/2023\/09\/Wolf_Product_ICBPW302718.jpg 1280w\" sizes=\"auto, (max-width: 200px) 100vw, 200px\" \/>\t\t\t\t\t\t<\/a>\n\t<\/figure>\n<\/div>\n<!-- \/Product Image module -->\n<!-- module plain text -->\n<div  class=\"module module-plain-text tb_29bq969 subzero-wolf-product-number\" data-lazy=\"1\">\n        <div class=\"tb_text_wrap\">\n    ICBPW302718    <\/div>\n<\/div>\n<!-- \/module plain text --><!-- Product Title module -->\n<div  class=\"module module-product-title tb_u7kk969 \" data-lazy=\"1\">\n\t<h2 class=\"tbp_title\">\n\t<a  href=\"https:\/\/www.subzerowolf.cz\/pl\/produkt\/okap-serii-pro-76-cm-icbpw302718\/\">\n\t\tOkap serii PRO &#8211; 76 cm\t\t<\/a>\n<\/h2><\/div>\n<!-- \/Product Title module -->        <\/div>\n                        <\/div>\n        <\/div>\n            <\/div>\n\n\t\t\t\t\t\t\t<\/li>\n\n\t\t\t\t\t\t\t\t\t\t\t\t\t\t\t\t\t\t\t\t\t\t\t\t\t\t\t\t\t\t<li id=\"post-818\" class=\"post tf_clearfix has-post-title has-post-date has-post-category has-post-tag has-post-comment has-post-author product type-product post-818 status-publish instock product_cat-gotowanie product_cat-wentylacja-kuchenna product_cat-wolf has-post-thumbnail shipping-taxable product-type-simple\">\n\n\t\t\t\t\t\t\t    <div class=\"tbp_advanced_archive_wrap\">\n\t                <div  data-lazy=\"1\" class=\"module_row themify_builder_row tb_3d2h313 tf_w\">\n                        <div class=\"row_inner col_align_top tb_col_count_1 tf_box tf_rel\">\n                        <div  data-lazy=\"1\" class=\"module_column tb-column col-full tb_7msi969 first\">\n                    <!-- Product Image module -->\n<div  class=\"module module-product-image tb_5ytc969   thumb-img-bottom tbp_disable_wc_zoom\" data-lazy=\"1\">\n\t<figure class=\"product-image\">\n\t\t\t\t<a  href=\"https:\/\/www.subzerowolf.cz\/pl\/produkt\/okap-serii-pro-91-cm-icbpw362418\/\">\n\t\t\t\t<img loading=\"lazy\" decoding=\"async\" src=\"https:\/\/www.subzerowolf.cz\/wp-content\/uploads\/2023\/09\/Wolf_Product_ICBPW362418-1024x1024-200x200.jpg\" width=\"200\" height=\"200\" class=\"wp-post-image wp-image-819\" title=\"Wolf_Product_ICBPW362418\" alt=\"Wolf Okap serii PRO - 91 cm ICBPW362418\" srcset=\"https:\/\/www.subzerowolf.cz\/wp-content\/uploads\/2023\/09\/Wolf_Product_ICBPW362418-1024x1024-200x200.jpg 200w, https:\/\/www.subzerowolf.cz\/wp-content\/uploads\/2023\/09\/Wolf_Product_ICBPW362418-300x300.jpg 300w, https:\/\/www.subzerowolf.cz\/wp-content\/uploads\/2023\/09\/Wolf_Product_ICBPW362418-1024x1024.jpg 1024w, https:\/\/www.subzerowolf.cz\/wp-content\/uploads\/2023\/09\/Wolf_Product_ICBPW362418-150x150.jpg 150w, https:\/\/www.subzerowolf.cz\/wp-content\/uploads\/2023\/09\/Wolf_Product_ICBPW362418-768x768.jpg 768w, https:\/\/www.subzerowolf.cz\/wp-content\/uploads\/2023\/09\/Wolf_Product_ICBPW362418-600x600.jpg 600w, https:\/\/www.subzerowolf.cz\/wp-content\/uploads\/2023\/09\/Wolf_Product_ICBPW362418-100x100.jpg 100w, https:\/\/www.subzerowolf.cz\/wp-content\/uploads\/2023\/09\/Wolf_Product_ICBPW362418.jpg 1280w\" sizes=\"auto, (max-width: 200px) 100vw, 200px\" \/>\t\t\t\t\t\t<\/a>\n\t<\/figure>\n<\/div>\n<!-- \/Product Image module -->\n<!-- module plain text -->\n<div  class=\"module module-plain-text tb_29bq969 subzero-wolf-product-number\" data-lazy=\"1\">\n        <div class=\"tb_text_wrap\">\n    ICBPW362418    <\/div>\n<\/div>\n<!-- \/module plain text --><!-- Product Title module -->\n<div  class=\"module module-product-title tb_u7kk969 \" data-lazy=\"1\">\n\t<h2 class=\"tbp_title\">\n\t<a  href=\"https:\/\/www.subzerowolf.cz\/pl\/produkt\/okap-serii-pro-91-cm-icbpw362418\/\">\n\t\tOkap serii PRO &#8211; 91 cm\t\t<\/a>\n<\/h2><\/div>\n<!-- \/Product Title module -->        <\/div>\n                        <\/div>\n        <\/div>\n            <\/div>\n\n\t\t\t\t\t\t\t<\/li>\n\n\t\t\t\t\t\t\t\t\t\t\t\t\t\t\t\t\t\t\t\t\t\t\t\t\t\t\t\t\t\t<li id=\"post-816\" class=\"post tf_clearfix has-post-title has-post-date has-post-category has-post-tag has-post-comment has-post-author product type-product post-816 status-publish last instock product_cat-gotowanie product_cat-wentylacja-kuchenna product_cat-wolf has-post-thumbnail shipping-taxable product-type-simple\">\n\n\t\t\t\t\t\t\t    <div class=\"tbp_advanced_archive_wrap\">\n\t                <div  data-lazy=\"1\" class=\"module_row themify_builder_row tb_3d2h313 tf_w\">\n                        <div class=\"row_inner col_align_top tb_col_count_1 tf_box tf_rel\">\n                        <div  data-lazy=\"1\" class=\"module_column tb-column col-full tb_7msi969 first\">\n                    <!-- Product Image module -->\n<div  class=\"module module-product-image tb_5ytc969   thumb-img-bottom tbp_disable_wc_zoom\" data-lazy=\"1\">\n\t<figure class=\"product-image\">\n\t\t\t\t<a  href=\"https:\/\/www.subzerowolf.cz\/pl\/produkt\/okap-serii-pro-91-cm-icbpw362718\/\">\n\t\t\t\t<img loading=\"lazy\" decoding=\"async\" src=\"https:\/\/www.subzerowolf.cz\/wp-content\/uploads\/2023\/09\/Wolf_Product_ICBPW362718-1024x1024-200x200.jpg\" width=\"200\" height=\"200\" class=\"wp-post-image wp-image-817\" title=\"Wolf_Product_ICBPW362718\" alt=\"Wolf Okap serii PRO - 91 cm ICBPW362718\" srcset=\"https:\/\/www.subzerowolf.cz\/wp-content\/uploads\/2023\/09\/Wolf_Product_ICBPW362718-1024x1024-200x200.jpg 200w, https:\/\/www.subzerowolf.cz\/wp-content\/uploads\/2023\/09\/Wolf_Product_ICBPW362718-300x300.jpg 300w, https:\/\/www.subzerowolf.cz\/wp-content\/uploads\/2023\/09\/Wolf_Product_ICBPW362718-1024x1024.jpg 1024w, https:\/\/www.subzerowolf.cz\/wp-content\/uploads\/2023\/09\/Wolf_Product_ICBPW362718-150x150.jpg 150w, https:\/\/www.subzerowolf.cz\/wp-content\/uploads\/2023\/09\/Wolf_Product_ICBPW362718-768x768.jpg 768w, https:\/\/www.subzerowolf.cz\/wp-content\/uploads\/2023\/09\/Wolf_Product_ICBPW362718-600x600.jpg 600w, https:\/\/www.subzerowolf.cz\/wp-content\/uploads\/2023\/09\/Wolf_Product_ICBPW362718-100x100.jpg 100w, https:\/\/www.subzerowolf.cz\/wp-content\/uploads\/2023\/09\/Wolf_Product_ICBPW362718.jpg 1280w\" sizes=\"auto, (max-width: 200px) 100vw, 200px\" \/>\t\t\t\t\t\t<\/a>\n\t<\/figure>\n<\/div>\n<!-- \/Product Image module -->\n<!-- module plain text -->\n<div  class=\"module module-plain-text tb_29bq969 subzero-wolf-product-number\" data-lazy=\"1\">\n        <div class=\"tb_text_wrap\">\n    ICBPW362718    <\/div>\n<\/div>\n<!-- \/module plain text --><!-- Product Title module -->\n<div  class=\"module module-product-title tb_u7kk969 \" data-lazy=\"1\">\n\t<h2 class=\"tbp_title\">\n\t<a  href=\"https:\/\/www.subzerowolf.cz\/pl\/produkt\/okap-serii-pro-91-cm-icbpw362718\/\">\n\t\tOkap serii PRO &#8211; 91 cm\t\t<\/a>\n<\/h2><\/div>\n<!-- \/Product Title module -->        <\/div>\n                        <\/div>\n        <\/div>\n            <\/div>\n\n\t\t\t\t\t\t\t<\/li>\n\n\t\t\t\t\t\t\t\t\t\t\t\t\t\t\t\t\t\t\t\t\t\t\t\t\t\t\t\t\t\t<li id=\"post-814\" class=\"post tf_clearfix has-post-title has-post-date has-post-category has-post-tag has-post-comment has-post-author product type-product post-814 status-publish first instock product_cat-gotowanie product_cat-wentylacja-kuchenna product_cat-wolf has-post-thumbnail shipping-taxable product-type-simple\">\n\n\t\t\t\t\t\t\t    <div class=\"tbp_advanced_archive_wrap\">\n\t                <div  data-lazy=\"1\" class=\"module_row themify_builder_row tb_3d2h313 tf_w\">\n                        <div class=\"row_inner col_align_top tb_col_count_1 tf_box tf_rel\">\n                        <div  data-lazy=\"1\" class=\"module_column tb-column col-full tb_7msi969 first\">\n                    <!-- Product Image module -->\n<div  class=\"module module-product-image tb_5ytc969   thumb-img-bottom tbp_disable_wc_zoom\" data-lazy=\"1\">\n\t<figure class=\"product-image\">\n\t\t\t\t<a  href=\"https:\/\/www.subzerowolf.cz\/pl\/produkt\/okap-serii-pro-107-cm-icbpw422718\/\">\n\t\t\t\t<img loading=\"lazy\" decoding=\"async\" src=\"https:\/\/www.subzerowolf.cz\/wp-content\/uploads\/2023\/09\/Wolf_Product_ICBPW422718-1024x1024-200x200.jpg\" width=\"200\" height=\"200\" class=\"wp-post-image wp-image-815\" title=\"Wolf_Product_ICBPW422718\" alt=\"Wolf Okap serii PRO - 107 cm ICBPW422718\" srcset=\"https:\/\/www.subzerowolf.cz\/wp-content\/uploads\/2023\/09\/Wolf_Product_ICBPW422718-1024x1024-200x200.jpg 200w, https:\/\/www.subzerowolf.cz\/wp-content\/uploads\/2023\/09\/Wolf_Product_ICBPW422718-300x300.jpg 300w, https:\/\/www.subzerowolf.cz\/wp-content\/uploads\/2023\/09\/Wolf_Product_ICBPW422718-1024x1024.jpg 1024w, https:\/\/www.subzerowolf.cz\/wp-content\/uploads\/2023\/09\/Wolf_Product_ICBPW422718-150x150.jpg 150w, https:\/\/www.subzerowolf.cz\/wp-content\/uploads\/2023\/09\/Wolf_Product_ICBPW422718-768x768.jpg 768w, https:\/\/www.subzerowolf.cz\/wp-content\/uploads\/2023\/09\/Wolf_Product_ICBPW422718-600x600.jpg 600w, https:\/\/www.subzerowolf.cz\/wp-content\/uploads\/2023\/09\/Wolf_Product_ICBPW422718-100x100.jpg 100w, https:\/\/www.subzerowolf.cz\/wp-content\/uploads\/2023\/09\/Wolf_Product_ICBPW422718.jpg 1280w\" sizes=\"auto, (max-width: 200px) 100vw, 200px\" \/>\t\t\t\t\t\t<\/a>\n\t<\/figure>\n<\/div>\n<!-- \/Product Image module -->\n<!-- module plain text -->\n<div  class=\"module module-plain-text tb_29bq969 subzero-wolf-product-number\" data-lazy=\"1\">\n        <div class=\"tb_text_wrap\">\n    ICBPW422718    <\/div>\n<\/div>\n<!-- \/module plain text --><!-- Product Title module -->\n<div  class=\"module module-product-title tb_u7kk969 \" data-lazy=\"1\">\n\t<h2 class=\"tbp_title\">\n\t<a  href=\"https:\/\/www.subzerowolf.cz\/pl\/produkt\/okap-serii-pro-107-cm-icbpw422718\/\">\n\t\tOkap serii PRO &#8211; 107 cm\t\t<\/a>\n<\/h2><\/div>\n<!-- \/Product Title module -->        <\/div>\n                        <\/div>\n        <\/div>\n            <\/div>\n\n\t\t\t\t\t\t\t<\/li>\n\n\t\t\t\t\t\t\t\t\t\t\t\t\t\t\t\t\t\t\t\t\t\t\t\t\t\t\t\t\t\t<li id=\"post-812\" class=\"post tf_clearfix has-post-title has-post-date has-post-category has-post-tag has-post-comment has-post-author product type-product post-812 status-publish instock product_cat-gotowanie product_cat-wentylacja-kuchenna product_cat-wolf has-post-thumbnail shipping-taxable product-type-simple\">\n\n\t\t\t\t\t\t\t    <div class=\"tbp_advanced_archive_wrap\">\n\t                <div  data-lazy=\"1\" class=\"module_row themify_builder_row tb_3d2h313 tf_w\">\n                        <div class=\"row_inner col_align_top tb_col_count_1 tf_box tf_rel\">\n                        <div  data-lazy=\"1\" class=\"module_column tb-column col-full tb_7msi969 first\">\n                    <!-- Product Image module -->\n<div  class=\"module module-product-image tb_5ytc969   thumb-img-bottom tbp_disable_wc_zoom\" data-lazy=\"1\">\n\t<figure class=\"product-image\">\n\t\t\t\t<a  href=\"https:\/\/www.subzerowolf.cz\/pl\/produkt\/okap-serii-pro-122-cm-icbpw482418\/\">\n\t\t\t\t<img loading=\"lazy\" decoding=\"async\" src=\"https:\/\/www.subzerowolf.cz\/wp-content\/uploads\/2023\/09\/Wolf_Product_ICBPW482418-1024x1024-200x200.jpg\" width=\"200\" height=\"200\" class=\"wp-post-image wp-image-813\" title=\"Wolf_Product_ICBPW482418\" alt=\"Wolf Okap serii PRO - 122 cm ICBPW482418\" srcset=\"https:\/\/www.subzerowolf.cz\/wp-content\/uploads\/2023\/09\/Wolf_Product_ICBPW482418-1024x1024-200x200.jpg 200w, https:\/\/www.subzerowolf.cz\/wp-content\/uploads\/2023\/09\/Wolf_Product_ICBPW482418-300x300.jpg 300w, https:\/\/www.subzerowolf.cz\/wp-content\/uploads\/2023\/09\/Wolf_Product_ICBPW482418-1024x1024.jpg 1024w, https:\/\/www.subzerowolf.cz\/wp-content\/uploads\/2023\/09\/Wolf_Product_ICBPW482418-150x150.jpg 150w, https:\/\/www.subzerowolf.cz\/wp-content\/uploads\/2023\/09\/Wolf_Product_ICBPW482418-768x768.jpg 768w, https:\/\/www.subzerowolf.cz\/wp-content\/uploads\/2023\/09\/Wolf_Product_ICBPW482418-600x600.jpg 600w, https:\/\/www.subzerowolf.cz\/wp-content\/uploads\/2023\/09\/Wolf_Product_ICBPW482418-100x100.jpg 100w, https:\/\/www.subzerowolf.cz\/wp-content\/uploads\/2023\/09\/Wolf_Product_ICBPW482418.jpg 1280w\" sizes=\"auto, (max-width: 200px) 100vw, 200px\" \/>\t\t\t\t\t\t<\/a>\n\t<\/figure>\n<\/div>\n<!-- \/Product Image module -->\n<!-- module plain text -->\n<div  class=\"module module-plain-text tb_29bq969 subzero-wolf-product-number\" data-lazy=\"1\">\n        <div class=\"tb_text_wrap\">\n    ICBPW482418    <\/div>\n<\/div>\n<!-- \/module plain text --><!-- Product Title module -->\n<div  class=\"module module-product-title tb_u7kk969 \" data-lazy=\"1\">\n\t<h2 class=\"tbp_title\">\n\t<a  href=\"https:\/\/www.subzerowolf.cz\/pl\/produkt\/okap-serii-pro-122-cm-icbpw482418\/\">\n\t\tOkap serii PRO &#8211; 122 cm\t\t<\/a>\n<\/h2><\/div>\n<!-- \/Product Title module -->        <\/div>\n                        <\/div>\n        <\/div>\n            <\/div>\n\n\t\t\t\t\t\t\t<\/li>\n\n\t\t\t\t\t\t\t\t\t\t\t\t\t\t\t\t\t\t\t\t\t\t\t\t\t\t\t\t\t\t<li id=\"post-809\" class=\"post tf_clearfix has-post-title has-post-date has-post-category has-post-tag has-post-comment has-post-author product type-product post-809 status-publish instock product_cat-gotowanie product_cat-wentylacja-kuchenna product_cat-wolf has-post-thumbnail shipping-taxable product-type-simple\">\n\n\t\t\t\t\t\t\t    <div class=\"tbp_advanced_archive_wrap\">\n\t                <div  data-lazy=\"1\" class=\"module_row themify_builder_row tb_3d2h313 tf_w\">\n                        <div class=\"row_inner col_align_top tb_col_count_1 tf_box tf_rel\">\n                        <div  data-lazy=\"1\" class=\"module_column tb-column col-full tb_7msi969 first\">\n                    <!-- Product Image module -->\n<div  class=\"module module-product-image tb_5ytc969   thumb-img-bottom tbp_disable_wc_zoom\" data-lazy=\"1\">\n\t<figure class=\"product-image\">\n\t\t\t\t<a  href=\"https:\/\/www.subzerowolf.cz\/pl\/produkt\/okap-serii-pro-122-cm-icbpw482718\/\">\n\t\t\t\t<img loading=\"lazy\" decoding=\"async\" src=\"https:\/\/www.subzerowolf.cz\/wp-content\/uploads\/2023\/09\/Wolf_Product_ICBPW482718-1024x1024-200x200.jpg\" width=\"200\" height=\"200\" class=\"wp-post-image wp-image-810\" title=\"Wolf_Product_ICBPW482718\" alt=\"Wolf Okap serii PRO - 122 cm ICBPW482718\" srcset=\"https:\/\/www.subzerowolf.cz\/wp-content\/uploads\/2023\/09\/Wolf_Product_ICBPW482718-1024x1024-200x200.jpg 200w, https:\/\/www.subzerowolf.cz\/wp-content\/uploads\/2023\/09\/Wolf_Product_ICBPW482718-300x300.jpg 300w, https:\/\/www.subzerowolf.cz\/wp-content\/uploads\/2023\/09\/Wolf_Product_ICBPW482718-1024x1024.jpg 1024w, https:\/\/www.subzerowolf.cz\/wp-content\/uploads\/2023\/09\/Wolf_Product_ICBPW482718-150x150.jpg 150w, https:\/\/www.subzerowolf.cz\/wp-content\/uploads\/2023\/09\/Wolf_Product_ICBPW482718-768x768.jpg 768w, https:\/\/www.subzerowolf.cz\/wp-content\/uploads\/2023\/09\/Wolf_Product_ICBPW482718-600x600.jpg 600w, https:\/\/www.subzerowolf.cz\/wp-content\/uploads\/2023\/09\/Wolf_Product_ICBPW482718-100x100.jpg 100w, https:\/\/www.subzerowolf.cz\/wp-content\/uploads\/2023\/09\/Wolf_Product_ICBPW482718.jpg 1280w, https:\/\/www.subzerowolf.cz\/wp-content\/uploads\/2023\/09\/Wolf_Product_ICBPW482718-1024x1024-47x48.jpg 47w\" sizes=\"auto, (max-width: 200px) 100vw, 200px\" \/>\t\t\t\t\t\t<\/a>\n\t<\/figure>\n<\/div>\n<!-- \/Product Image module -->\n<!-- module plain text -->\n<div  class=\"module module-plain-text tb_29bq969 subzero-wolf-product-number\" data-lazy=\"1\">\n        <div class=\"tb_text_wrap\">\n    ICBPW482718    <\/div>\n<\/div>\n<!-- \/module plain text --><!-- Product Title module -->\n<div  class=\"module module-product-title tb_u7kk969 \" data-lazy=\"1\">\n\t<h2 class=\"tbp_title\">\n\t<a  href=\"https:\/\/www.subzerowolf.cz\/pl\/produkt\/okap-serii-pro-122-cm-icbpw482718\/\">\n\t\tOkap serii PRO &#8211; 122 cm\t\t<\/a>\n<\/h2><\/div>\n<!-- \/Product Title module -->        <\/div>\n                        <\/div>\n        <\/div>\n            <\/div>\n\n\t\t\t\t\t\t\t<\/li>\n\n\t\t\t\t\t\t\t\t\t\t\t\t\t\t\t\t\t\t\t\t\t\t\t\t\t\t\t\t\t\t<li id=\"post-807\" class=\"post tf_clearfix has-post-title has-post-date has-post-category has-post-tag has-post-comment has-post-author product type-product post-807 status-publish last instock product_cat-gotowanie product_cat-wentylacja-kuchenna product_cat-wolf has-post-thumbnail shipping-taxable product-type-simple\">\n\n\t\t\t\t\t\t\t    <div class=\"tbp_advanced_archive_wrap\">\n\t                <div  data-lazy=\"1\" class=\"module_row themify_builder_row tb_3d2h313 tf_w\">\n                        <div class=\"row_inner col_align_top tb_col_count_1 tf_box tf_rel\">\n                        <div  data-lazy=\"1\" class=\"module_column tb-column col-full tb_7msi969 first\">\n                    <!-- Product Image module -->\n<div  class=\"module module-product-image tb_5ytc969   thumb-img-bottom tbp_disable_wc_zoom\" data-lazy=\"1\">\n\t<figure class=\"product-image\">\n\t\t\t\t<a  href=\"https:\/\/www.subzerowolf.cz\/pl\/produkt\/okap-serii-pro-152-cm-icbpw602718\/\">\n\t\t\t\t<img loading=\"lazy\" decoding=\"async\" src=\"https:\/\/www.subzerowolf.cz\/wp-content\/uploads\/2023\/09\/Wolf_Product_ICBPW602718-1024x1024-200x200.jpg\" width=\"200\" height=\"200\" class=\"wp-post-image wp-image-808\" title=\"Wolf_Product_ICBPW602718\" alt=\"Wolf Okap serii PRO - 152 cm ICBPW602718\" srcset=\"https:\/\/www.subzerowolf.cz\/wp-content\/uploads\/2023\/09\/Wolf_Product_ICBPW602718-1024x1024-200x200.jpg 200w, https:\/\/www.subzerowolf.cz\/wp-content\/uploads\/2023\/09\/Wolf_Product_ICBPW602718-300x300.jpg 300w, https:\/\/www.subzerowolf.cz\/wp-content\/uploads\/2023\/09\/Wolf_Product_ICBPW602718-1024x1024.jpg 1024w, https:\/\/www.subzerowolf.cz\/wp-content\/uploads\/2023\/09\/Wolf_Product_ICBPW602718-150x150.jpg 150w, https:\/\/www.subzerowolf.cz\/wp-content\/uploads\/2023\/09\/Wolf_Product_ICBPW602718-768x768.jpg 768w, https:\/\/www.subzerowolf.cz\/wp-content\/uploads\/2023\/09\/Wolf_Product_ICBPW602718-600x600.jpg 600w, https:\/\/www.subzerowolf.cz\/wp-content\/uploads\/2023\/09\/Wolf_Product_ICBPW602718-100x100.jpg 100w, https:\/\/www.subzerowolf.cz\/wp-content\/uploads\/2023\/09\/Wolf_Product_ICBPW602718.jpg 1280w, https:\/\/www.subzerowolf.cz\/wp-content\/uploads\/2023\/09\/Wolf_Product_ICBPW602718-1024x1024-47x48.jpg 47w\" sizes=\"auto, (max-width: 200px) 100vw, 200px\" \/>\t\t\t\t\t\t<\/a>\n\t<\/figure>\n<\/div>\n<!-- \/Product Image module -->\n<!-- module plain text -->\n<div  class=\"module module-plain-text tb_29bq969 subzero-wolf-product-number\" data-lazy=\"1\">\n        <div class=\"tb_text_wrap\">\n    ICBPW602718    <\/div>\n<\/div>\n<!-- \/module plain text --><!-- Product Title module -->\n<div  class=\"module module-product-title tb_u7kk969 \" data-lazy=\"1\">\n\t<h2 class=\"tbp_title\">\n\t<a  href=\"https:\/\/www.subzerowolf.cz\/pl\/produkt\/okap-serii-pro-152-cm-icbpw602718\/\">\n\t\tOkap serii PRO &#8211; 152 cm\t\t<\/a>\n<\/h2><\/div>\n<!-- \/Product Title module -->        <\/div>\n                        <\/div>\n        <\/div>\n            <\/div>\n\n\t\t\t\t\t\t\t<\/li>\n\n\t\t\t\t\t\t\t\t\t\t\t\t\t\t\t\t\t\t\t\t\t\t\t\t\t\t\t\t\t\t<li id=\"post-832\" class=\"post tf_clearfix has-post-title has-post-date has-post-category has-post-tag has-post-comment has-post-author product type-product post-832 status-publish first instock product_cat-gotowanie product_cat-wentylacja-kuchenna product_cat-wolf has-post-thumbnail shipping-taxable product-type-simple\">\n\n\t\t\t\t\t\t\t    <div class=\"tbp_advanced_archive_wrap\">\n\t                <div  data-lazy=\"1\" class=\"module_row themify_builder_row tb_3d2h313 tf_w\">\n                        <div class=\"row_inner col_align_top tb_col_count_1 tf_box tf_rel\">\n                        <div  data-lazy=\"1\" class=\"module_column tb-column col-full tb_7msi969 first\">\n                    <!-- Product Image module -->\n<div  class=\"module module-product-image tb_5ytc969   thumb-img-bottom tbp_disable_wc_zoom\" data-lazy=\"1\">\n\t<figure class=\"product-image\">\n\t\t\t\t<a  href=\"https:\/\/www.subzerowolf.cz\/pl\/produkt\/okap-scienny-76cm-stalowy-icbvw30s\/\">\n\t\t\t\t<img loading=\"lazy\" decoding=\"async\" src=\"https:\/\/www.subzerowolf.cz\/wp-content\/uploads\/2023\/09\/Wolf_Product_ICBVW30S-1024x1024-200x200.jpg\" width=\"200\" height=\"200\" class=\"wp-post-image wp-image-833\" title=\"Wolf_Product_ICBVW30S\" alt=\"Wolf Okap \u015bcienny - 76cm - Stalowy ICBVW30S\" srcset=\"https:\/\/www.subzerowolf.cz\/wp-content\/uploads\/2023\/09\/Wolf_Product_ICBVW30S-1024x1024-200x200.jpg 200w, https:\/\/www.subzerowolf.cz\/wp-content\/uploads\/2023\/09\/Wolf_Product_ICBVW30S-300x300.jpg 300w, https:\/\/www.subzerowolf.cz\/wp-content\/uploads\/2023\/09\/Wolf_Product_ICBVW30S-1024x1024.jpg 1024w, https:\/\/www.subzerowolf.cz\/wp-content\/uploads\/2023\/09\/Wolf_Product_ICBVW30S-150x150.jpg 150w, https:\/\/www.subzerowolf.cz\/wp-content\/uploads\/2023\/09\/Wolf_Product_ICBVW30S-768x768.jpg 768w, https:\/\/www.subzerowolf.cz\/wp-content\/uploads\/2023\/09\/Wolf_Product_ICBVW30S-600x600.jpg 600w, https:\/\/www.subzerowolf.cz\/wp-content\/uploads\/2023\/09\/Wolf_Product_ICBVW30S-100x100.jpg 100w, https:\/\/www.subzerowolf.cz\/wp-content\/uploads\/2023\/09\/Wolf_Product_ICBVW30S.jpg 1280w, https:\/\/www.subzerowolf.cz\/wp-content\/uploads\/2023\/09\/Wolf_Product_ICBVW30S-1024x1024-47x48.jpg 47w\" sizes=\"auto, (max-width: 200px) 100vw, 200px\" \/>\t\t\t\t\t\t<\/a>\n\t<\/figure>\n<\/div>\n<!-- \/Product Image module -->\n<!-- module plain text -->\n<div  class=\"module module-plain-text tb_29bq969 subzero-wolf-product-number\" data-lazy=\"1\">\n        <div class=\"tb_text_wrap\">\n    ICBVW30S    <\/div>\n<\/div>\n<!-- \/module plain text --><!-- Product Title module -->\n<div  class=\"module module-product-title tb_u7kk969 \" data-lazy=\"1\">\n\t<h2 class=\"tbp_title\">\n\t<a  href=\"https:\/\/www.subzerowolf.cz\/pl\/produkt\/okap-scienny-76cm-stalowy-icbvw30s\/\">\n\t\tOkap \u015bcienny &#8211; 76 cm, stalowy\t\t<\/a>\n<\/h2><\/div>\n<!-- \/Product Title module -->        <\/div>\n                        <\/div>\n        <\/div>\n            <\/div>\n\n\t\t\t\t\t\t\t<\/li>\n\n\t\t\t\t\t\t\t\t\t\t\t\t\t\t\t\t\t\t\t\t\t\t\t\t\t\t\t\t\t\t<li id=\"post-830\" class=\"post tf_clearfix has-post-title has-post-date has-post-category has-post-tag has-post-comment has-post-author product type-product post-830 status-publish instock product_cat-gotowanie product_cat-wentylacja-kuchenna product_cat-wolf has-post-thumbnail shipping-taxable product-type-simple\">\n\n\t\t\t\t\t\t\t    <div class=\"tbp_advanced_archive_wrap\">\n\t                <div  data-lazy=\"1\" class=\"module_row themify_builder_row tb_3d2h313 tf_w\">\n                        <div class=\"row_inner col_align_top tb_col_count_1 tf_box tf_rel\">\n                        <div  data-lazy=\"1\" class=\"module_column tb-column col-full tb_7msi969 first\">\n                    <!-- Product Image module -->\n<div  class=\"module module-product-image tb_5ytc969   thumb-img-bottom tbp_disable_wc_zoom\" data-lazy=\"1\">\n\t<figure class=\"product-image\">\n\t\t\t\t<a  href=\"https:\/\/www.subzerowolf.cz\/pl\/produkt\/okap-scienny-91cm-stalowy-icbvw36s\/\">\n\t\t\t\t<img loading=\"lazy\" decoding=\"async\" src=\"https:\/\/www.subzerowolf.cz\/wp-content\/uploads\/2023\/09\/Wolf_Product_ICBVW36S-1024x1024-200x200.jpg\" width=\"200\" height=\"200\" class=\"wp-post-image wp-image-831\" title=\"Wolf_Product_ICBVW36S\" alt=\"Wolf Okap \u015bcienny - 91cm - Stalowy ICBVW36S\" srcset=\"https:\/\/www.subzerowolf.cz\/wp-content\/uploads\/2023\/09\/Wolf_Product_ICBVW36S-1024x1024-200x200.jpg 200w, https:\/\/www.subzerowolf.cz\/wp-content\/uploads\/2023\/09\/Wolf_Product_ICBVW36S-300x300.jpg 300w, https:\/\/www.subzerowolf.cz\/wp-content\/uploads\/2023\/09\/Wolf_Product_ICBVW36S-1024x1024.jpg 1024w, https:\/\/www.subzerowolf.cz\/wp-content\/uploads\/2023\/09\/Wolf_Product_ICBVW36S-150x150.jpg 150w, https:\/\/www.subzerowolf.cz\/wp-content\/uploads\/2023\/09\/Wolf_Product_ICBVW36S-768x768.jpg 768w, https:\/\/www.subzerowolf.cz\/wp-content\/uploads\/2023\/09\/Wolf_Product_ICBVW36S-600x600.jpg 600w, https:\/\/www.subzerowolf.cz\/wp-content\/uploads\/2023\/09\/Wolf_Product_ICBVW36S-100x100.jpg 100w, https:\/\/www.subzerowolf.cz\/wp-content\/uploads\/2023\/09\/Wolf_Product_ICBVW36S.jpg 1280w, https:\/\/www.subzerowolf.cz\/wp-content\/uploads\/2023\/09\/Wolf_Product_ICBVW36S-1024x1024-47x48.jpg 47w\" sizes=\"auto, (max-width: 200px) 100vw, 200px\" \/>\t\t\t\t\t\t<\/a>\n\t<\/figure>\n<\/div>\n<!-- \/Product Image module -->\n<!-- module plain text -->\n<div  class=\"module module-plain-text tb_29bq969 subzero-wolf-product-number\" data-lazy=\"1\">\n        <div class=\"tb_text_wrap\">\n    ICBVW36S    <\/div>\n<\/div>\n<!-- \/module plain text --><!-- Product Title module -->\n<div  class=\"module module-product-title tb_u7kk969 \" data-lazy=\"1\">\n\t<h2 class=\"tbp_title\">\n\t<a  href=\"https:\/\/www.subzerowolf.cz\/pl\/produkt\/okap-scienny-91cm-stalowy-icbvw36s\/\">\n\t\tOkap \u015bcienny &#8211; 91 cm, stalowy\t\t<\/a>\n<\/h2><\/div>\n<!-- \/Product Title module -->        <\/div>\n                        <\/div>\n        <\/div>\n            <\/div>\n\n\t\t\t\t\t\t\t<\/li>\n\n\t\t\t\t\t\t\t\t\t\t\t\t\t\t\t\t\t\t\t\t\t\t\t\t\t\t\t\t\t\t<li id=\"post-826\" class=\"post tf_clearfix has-post-title has-post-date has-post-category has-post-tag has-post-comment has-post-author product type-product post-826 status-publish instock product_cat-gotowanie product_cat-wentylacja-kuchenna product_cat-wolf has-post-thumbnail shipping-taxable product-type-simple\">\n\n\t\t\t\t\t\t\t    <div class=\"tbp_advanced_archive_wrap\">\n\t                <div  data-lazy=\"1\" class=\"module_row themify_builder_row tb_3d2h313 tf_w\">\n                        <div class=\"row_inner col_align_top tb_col_count_1 tf_box tf_rel\">\n                        <div  data-lazy=\"1\" class=\"module_column tb-column col-full tb_7msi969 first\">\n                    <!-- Product Image module -->\n<div  class=\"module module-product-image tb_5ytc969   thumb-img-bottom tbp_disable_wc_zoom\" data-lazy=\"1\">\n\t<figure class=\"product-image\">\n\t\t\t\t<a  href=\"https:\/\/www.subzerowolf.cz\/pl\/produkt\/okap-scienny-91cm-czarny-icbvw36b\/\">\n\t\t\t\t<img loading=\"lazy\" decoding=\"async\" src=\"https:\/\/www.subzerowolf.cz\/wp-content\/uploads\/2023\/09\/Wolf_Prodcut_ICBVW36B_00-1024x1024-200x200.jpg\" width=\"200\" height=\"200\" class=\"wp-post-image wp-image-2237\" title=\"Wolf_Prodcut_ICBVW36B_00\" alt=\"Wolf_Prodcut_ICBVW36B_00\" srcset=\"https:\/\/www.subzerowolf.cz\/wp-content\/uploads\/2023\/09\/Wolf_Prodcut_ICBVW36B_00-1024x1024-200x200.jpg 200w, https:\/\/www.subzerowolf.cz\/wp-content\/uploads\/2023\/09\/Wolf_Prodcut_ICBVW36B_00-300x300.jpg 300w, https:\/\/www.subzerowolf.cz\/wp-content\/uploads\/2023\/09\/Wolf_Prodcut_ICBVW36B_00-1024x1024.jpg 1024w, https:\/\/www.subzerowolf.cz\/wp-content\/uploads\/2023\/09\/Wolf_Prodcut_ICBVW36B_00-150x150.jpg 150w, https:\/\/www.subzerowolf.cz\/wp-content\/uploads\/2023\/09\/Wolf_Prodcut_ICBVW36B_00-768x768.jpg 768w, https:\/\/www.subzerowolf.cz\/wp-content\/uploads\/2023\/09\/Wolf_Prodcut_ICBVW36B_00-600x600.jpg 600w, https:\/\/www.subzerowolf.cz\/wp-content\/uploads\/2023\/09\/Wolf_Prodcut_ICBVW36B_00-100x100.jpg 100w, https:\/\/www.subzerowolf.cz\/wp-content\/uploads\/2023\/09\/Wolf_Prodcut_ICBVW36B_00.jpg 1280w, https:\/\/www.subzerowolf.cz\/wp-content\/uploads\/2023\/09\/Wolf_Prodcut_ICBVW36B_00-1024x1024-47x48.jpg 47w\" sizes=\"auto, (max-width: 200px) 100vw, 200px\" \/>\t\t\t\t\t\t<\/a>\n\t<\/figure>\n<\/div>\n<!-- \/Product Image module -->\n<!-- module plain text -->\n<div  class=\"module module-plain-text tb_29bq969 subzero-wolf-product-number\" data-lazy=\"1\">\n        <div class=\"tb_text_wrap\">\n    ICBVW36B    <\/div>\n<\/div>\n<!-- \/module plain text --><!-- Product Title module -->\n<div  class=\"module module-product-title tb_u7kk969 \" data-lazy=\"1\">\n\t<h2 class=\"tbp_title\">\n\t<a  href=\"https:\/\/www.subzerowolf.cz\/pl\/produkt\/okap-scienny-91cm-czarny-icbvw36b\/\">\n\t\tOkap \u015bcienny &#8211; 91 cm, czarny\t\t<\/a>\n<\/h2><\/div>\n<!-- \/Product Title module -->        <\/div>\n                        <\/div>\n        <\/div>\n            <\/div>\n\n\t\t\t\t\t\t\t<\/li>\n\n\t\t\t\t\t\t\t\t\t\t\t\t\t\t\t\t\t\t\t\t\t\t\t\t\t\t\t\t\t\t<li id=\"post-2279\" class=\"post tf_clearfix has-post-title has-post-date has-post-category has-post-tag has-post-comment has-post-author product type-product post-2279 status-publish last instock product_cat-gotowanie product_cat-wentylacja-kuchenna product_cat-wolf has-post-thumbnail shipping-taxable product-type-simple\">\n\n\t\t\t\t\t\t\t    <div class=\"tbp_advanced_archive_wrap\">\n\t                <div  data-lazy=\"1\" class=\"module_row themify_builder_row tb_3d2h313 tf_w\">\n                        <div class=\"row_inner col_align_top tb_col_count_1 tf_box tf_rel\">\n                        <div  data-lazy=\"1\" class=\"module_column tb-column col-full tb_7msi969 first\">\n                    <!-- Product Image module -->\n<div  class=\"module module-product-image tb_5ytc969   thumb-img-bottom tbp_disable_wc_zoom\" data-lazy=\"1\">\n\t<figure class=\"product-image\">\n\t\t\t\t<a  href=\"https:\/\/www.subzerowolf.cz\/pl\/produkt\/okap-scienny-91-cm-szklany-icbvw36g\/\">\n\t\t\t\t<img loading=\"lazy\" decoding=\"async\" src=\"https:\/\/www.subzerowolf.cz\/wp-content\/uploads\/2023\/10\/Wolf_Prodcut_ICBVW36G_00-1024x1024-200x200.jpg\" width=\"200\" height=\"200\" class=\"wp-post-image wp-image-2280\" title=\"Wolf_Prodcut_ICBVW36G_00\" alt=\"Wolf_Prodcut_ICBVW36G_00\" srcset=\"https:\/\/www.subzerowolf.cz\/wp-content\/uploads\/2023\/10\/Wolf_Prodcut_ICBVW36G_00-1024x1024-200x200.jpg 200w, https:\/\/www.subzerowolf.cz\/wp-content\/uploads\/2023\/10\/Wolf_Prodcut_ICBVW36G_00-300x300.jpg 300w, https:\/\/www.subzerowolf.cz\/wp-content\/uploads\/2023\/10\/Wolf_Prodcut_ICBVW36G_00-1024x1024.jpg 1024w, https:\/\/www.subzerowolf.cz\/wp-content\/uploads\/2023\/10\/Wolf_Prodcut_ICBVW36G_00-150x150.jpg 150w, https:\/\/www.subzerowolf.cz\/wp-content\/uploads\/2023\/10\/Wolf_Prodcut_ICBVW36G_00-768x768.jpg 768w, https:\/\/www.subzerowolf.cz\/wp-content\/uploads\/2023\/10\/Wolf_Prodcut_ICBVW36G_00-600x600.jpg 600w, https:\/\/www.subzerowolf.cz\/wp-content\/uploads\/2023\/10\/Wolf_Prodcut_ICBVW36G_00-100x100.jpg 100w, https:\/\/www.subzerowolf.cz\/wp-content\/uploads\/2023\/10\/Wolf_Prodcut_ICBVW36G_00.jpg 1280w, https:\/\/www.subzerowolf.cz\/wp-content\/uploads\/2023\/10\/Wolf_Prodcut_ICBVW36G_00-1024x1024-47x48.jpg 47w\" sizes=\"auto, (max-width: 200px) 100vw, 200px\" \/>\t\t\t\t\t\t<\/a>\n\t<\/figure>\n<\/div>\n<!-- \/Product Image module -->\n<!-- module plain text -->\n<div  class=\"module module-plain-text tb_29bq969 subzero-wolf-product-number\" data-lazy=\"1\">\n        <div class=\"tb_text_wrap\">\n    ICBVW36G    <\/div>\n<\/div>\n<!-- \/module plain text --><!-- Product Title module -->\n<div  class=\"module module-product-title tb_u7kk969 \" data-lazy=\"1\">\n\t<h2 class=\"tbp_title\">\n\t<a  href=\"https:\/\/www.subzerowolf.cz\/pl\/produkt\/okap-scienny-91-cm-szklany-icbvw36g\/\">\n\t\tOkap \u015bcienny &#8211; 91 cm, szklany\t\t<\/a>\n<\/h2><\/div>\n<!-- \/Product Title module -->        <\/div>\n                        <\/div>\n        <\/div>\n            <\/div>\n\n\t\t\t\t\t\t\t<\/li>\n\n\t\t\t\t\t\t\t\t\t\t\t\t\t\t\t\t\t\t\t\t\t\t\t\t\t\t\t\t\t\t<li id=\"post-2275\" class=\"post tf_clearfix has-post-title has-post-date has-post-category has-post-tag has-post-comment has-post-author product type-product post-2275 status-publish first instock product_cat-gotowanie product_cat-wentylacja-kuchenna product_cat-wolf has-post-thumbnail shipping-taxable product-type-simple\">\n\n\t\t\t\t\t\t\t    <div class=\"tbp_advanced_archive_wrap\">\n\t                <div  data-lazy=\"1\" class=\"module_row themify_builder_row tb_3d2h313 tf_w\">\n                        <div class=\"row_inner col_align_top tb_col_count_1 tf_box tf_rel\">\n                        <div  data-lazy=\"1\" class=\"module_column tb-column col-full tb_7msi969 first\">\n                    <!-- Product Image module -->\n<div  class=\"module module-product-image tb_5ytc969   thumb-img-bottom tbp_disable_wc_zoom\" data-lazy=\"1\">\n\t<figure class=\"product-image\">\n\t\t\t\t<a  href=\"https:\/\/www.subzerowolf.cz\/pl\/produkt\/okap-scienny-114-cm-szklany-icbvw45g\/\">\n\t\t\t\t<img loading=\"lazy\" decoding=\"async\" src=\"https:\/\/www.subzerowolf.cz\/wp-content\/uploads\/2023\/10\/Wolf_Product_ICBVW45G_00-1024x1024-200x200.jpg\" width=\"200\" height=\"200\" class=\"wp-post-image wp-image-2276\" title=\"Wolf_Product_ICBVW45G_00\" alt=\"Wolf_Product_ICBVW45G_00\" srcset=\"https:\/\/www.subzerowolf.cz\/wp-content\/uploads\/2023\/10\/Wolf_Product_ICBVW45G_00-1024x1024-200x200.jpg 200w, https:\/\/www.subzerowolf.cz\/wp-content\/uploads\/2023\/10\/Wolf_Product_ICBVW45G_00-300x300.jpg 300w, https:\/\/www.subzerowolf.cz\/wp-content\/uploads\/2023\/10\/Wolf_Product_ICBVW45G_00-1024x1024.jpg 1024w, https:\/\/www.subzerowolf.cz\/wp-content\/uploads\/2023\/10\/Wolf_Product_ICBVW45G_00-150x150.jpg 150w, https:\/\/www.subzerowolf.cz\/wp-content\/uploads\/2023\/10\/Wolf_Product_ICBVW45G_00-768x768.jpg 768w, https:\/\/www.subzerowolf.cz\/wp-content\/uploads\/2023\/10\/Wolf_Product_ICBVW45G_00-1024x1024-600x600.jpg 600w, https:\/\/www.subzerowolf.cz\/wp-content\/uploads\/2023\/10\/Wolf_Product_ICBVW45G_00-100x100.jpg 100w, https:\/\/www.subzerowolf.cz\/wp-content\/uploads\/2023\/10\/Wolf_Product_ICBVW45G_00.jpg 1280w, https:\/\/www.subzerowolf.cz\/wp-content\/uploads\/2023\/10\/Wolf_Product_ICBVW45G_00-1024x1024-47x48.jpg 47w\" sizes=\"auto, (max-width: 200px) 100vw, 200px\" \/>\t\t\t\t\t\t<\/a>\n\t<\/figure>\n<\/div>\n<!-- \/Product Image module -->\n<!-- module plain text -->\n<div  class=\"module module-plain-text tb_29bq969 subzero-wolf-product-number\" data-lazy=\"1\">\n        <div class=\"tb_text_wrap\">\n    ICBVW45G    <\/div>\n<\/div>\n<!-- \/module plain text --><!-- Product Title module -->\n<div  class=\"module module-product-title tb_u7kk969 \" data-lazy=\"1\">\n\t<h2 class=\"tbp_title\">\n\t<a  href=\"https:\/\/www.subzerowolf.cz\/pl\/produkt\/okap-scienny-114-cm-szklany-icbvw45g\/\">\n\t\tOkap \u015bcienny &#8211; 114 cm, szklany\t\t<\/a>\n<\/h2><\/div>\n<!-- \/Product Title module -->        <\/div>\n                        <\/div>\n        <\/div>\n            <\/div>\n\n\t\t\t\t\t\t\t<\/li>\n\n\t\t\t\t\t\t\t\t\t\t\t\t\t\t\t\t\t\t\t\t\t\t\t\t\t\t\t\t\t\t<li id=\"post-828\" class=\"post tf_clearfix has-post-title has-post-date has-post-category has-post-tag has-post-comment has-post-author product type-product post-828 status-publish instock product_cat-gotowanie product_cat-wentylacja-kuchenna product_cat-wolf has-post-thumbnail shipping-taxable product-type-simple\">\n\n\t\t\t\t\t\t\t    <div class=\"tbp_advanced_archive_wrap\">\n\t                <div  data-lazy=\"1\" class=\"module_row themify_builder_row tb_3d2h313 tf_w\">\n                        <div class=\"row_inner col_align_top tb_col_count_1 tf_box tf_rel\">\n                        <div  data-lazy=\"1\" class=\"module_column tb-column col-full tb_7msi969 first\">\n                    <!-- Product Image module -->\n<div  class=\"module module-product-image tb_5ytc969   thumb-img-bottom tbp_disable_wc_zoom\" data-lazy=\"1\">\n\t<figure class=\"product-image\">\n\t\t\t\t<a  href=\"https:\/\/www.subzerowolf.cz\/pl\/produkt\/okap-wyspowy-107cm-stalowy-icbvi42s\/\">\n\t\t\t\t<img loading=\"lazy\" decoding=\"async\" src=\"https:\/\/www.subzerowolf.cz\/wp-content\/uploads\/2023\/09\/Wolf_Product_ICBVI42S-1024x1024-200x200.jpg\" width=\"200\" height=\"200\" class=\"wp-post-image wp-image-829\" title=\"Wolf_Product_ICBVI42S\" alt=\"Wolf Okap wyspowy - 107cm - Stalowy ICBVI42S\" srcset=\"https:\/\/www.subzerowolf.cz\/wp-content\/uploads\/2023\/09\/Wolf_Product_ICBVI42S-1024x1024-200x200.jpg 200w, https:\/\/www.subzerowolf.cz\/wp-content\/uploads\/2023\/09\/Wolf_Product_ICBVI42S-300x300.jpg 300w, https:\/\/www.subzerowolf.cz\/wp-content\/uploads\/2023\/09\/Wolf_Product_ICBVI42S-1024x1024.jpg 1024w, https:\/\/www.subzerowolf.cz\/wp-content\/uploads\/2023\/09\/Wolf_Product_ICBVI42S-150x150.jpg 150w, https:\/\/www.subzerowolf.cz\/wp-content\/uploads\/2023\/09\/Wolf_Product_ICBVI42S-768x768.jpg 768w, https:\/\/www.subzerowolf.cz\/wp-content\/uploads\/2023\/09\/Wolf_Product_ICBVI42S-1024x1024-600x600.jpg 600w, https:\/\/www.subzerowolf.cz\/wp-content\/uploads\/2023\/09\/Wolf_Product_ICBVI42S-100x100.jpg 100w, https:\/\/www.subzerowolf.cz\/wp-content\/uploads\/2023\/09\/Wolf_Product_ICBVI42S.jpg 1280w, https:\/\/www.subzerowolf.cz\/wp-content\/uploads\/2023\/09\/Wolf_Product_ICBVI42S-1024x1024-47x48.jpg 47w\" sizes=\"auto, (max-width: 200px) 100vw, 200px\" \/>\t\t\t\t\t\t<\/a>\n\t<\/figure>\n<\/div>\n<!-- \/Product Image module -->\n<!-- module plain text -->\n<div  class=\"module module-plain-text tb_29bq969 subzero-wolf-product-number\" data-lazy=\"1\">\n        <div class=\"tb_text_wrap\">\n    ICBVI42S    <\/div>\n<\/div>\n<!-- \/module plain text --><!-- Product Title module -->\n<div  class=\"module module-product-title tb_u7kk969 \" data-lazy=\"1\">\n\t<h2 class=\"tbp_title\">\n\t<a  href=\"https:\/\/www.subzerowolf.cz\/pl\/produkt\/okap-wyspowy-107cm-stalowy-icbvi42s\/\">\n\t\tOkap wyspowy &#8211; 107 cm, stalowy\t\t<\/a>\n<\/h2><\/div>\n<!-- \/Product Title module -->        <\/div>\n                        <\/div>\n        <\/div>\n            <\/div>\n\n\t\t\t\t\t\t\t<\/li>\n\n\t\t\t\t\t\t\t\t\t\t\t\t\t\t\t\t\t\t\t\t\t\t\t\t\t\t\t\t\t\t<li id=\"post-824\" class=\"post tf_clearfix has-post-title has-post-date has-post-category has-post-tag has-post-comment has-post-author product type-product post-824 status-publish instock product_cat-gotowanie product_cat-wentylacja-kuchenna product_cat-wolf has-post-thumbnail shipping-taxable product-type-simple\">\n\n\t\t\t\t\t\t\t    <div class=\"tbp_advanced_archive_wrap\">\n\t                <div  data-lazy=\"1\" class=\"module_row themify_builder_row tb_3d2h313 tf_w\">\n                        <div class=\"row_inner col_align_top tb_col_count_1 tf_box tf_rel\">\n                        <div  data-lazy=\"1\" class=\"module_column tb-column col-full tb_7msi969 first\">\n                    <!-- Product Image module -->\n<div  class=\"module module-product-image tb_5ytc969   thumb-img-bottom tbp_disable_wc_zoom\" data-lazy=\"1\">\n\t<figure class=\"product-image\">\n\t\t\t\t<a  href=\"https:\/\/www.subzerowolf.cz\/pl\/produkt\/okap-wyspowy-107cm-czarny-icbvi42b\/\">\n\t\t\t\t<img loading=\"lazy\" decoding=\"async\" src=\"https:\/\/www.subzerowolf.cz\/wp-content\/uploads\/2023\/09\/Wolf_Product_ICBVI42B-1024x1024-200x200.jpg\" width=\"200\" height=\"200\" class=\"wp-post-image wp-image-825\" title=\"Wolf_Product_ICBVI42B\" alt=\"Wolf Okap wyspowy - 107cm - Czarny ICBVI42B\" srcset=\"https:\/\/www.subzerowolf.cz\/wp-content\/uploads\/2023\/09\/Wolf_Product_ICBVI42B-1024x1024-200x200.jpg 200w, https:\/\/www.subzerowolf.cz\/wp-content\/uploads\/2023\/09\/Wolf_Product_ICBVI42B-300x300.jpg 300w, https:\/\/www.subzerowolf.cz\/wp-content\/uploads\/2023\/09\/Wolf_Product_ICBVI42B-1024x1024.jpg 1024w, https:\/\/www.subzerowolf.cz\/wp-content\/uploads\/2023\/09\/Wolf_Product_ICBVI42B-150x150.jpg 150w, https:\/\/www.subzerowolf.cz\/wp-content\/uploads\/2023\/09\/Wolf_Product_ICBVI42B-768x768.jpg 768w, https:\/\/www.subzerowolf.cz\/wp-content\/uploads\/2023\/09\/Wolf_Product_ICBVI42B-1024x1024-600x600.jpg 600w, https:\/\/www.subzerowolf.cz\/wp-content\/uploads\/2023\/09\/Wolf_Product_ICBVI42B-100x100.jpg 100w, https:\/\/www.subzerowolf.cz\/wp-content\/uploads\/2023\/09\/Wolf_Product_ICBVI42B.jpg 1280w, https:\/\/www.subzerowolf.cz\/wp-content\/uploads\/2023\/09\/Wolf_Product_ICBVI42B-1024x1024-47x48.jpg 47w\" sizes=\"auto, (max-width: 200px) 100vw, 200px\" \/>\t\t\t\t\t\t<\/a>\n\t<\/figure>\n<\/div>\n<!-- \/Product Image module -->\n<!-- module plain text -->\n<div  class=\"module module-plain-text tb_29bq969 subzero-wolf-product-number\" data-lazy=\"1\">\n        <div class=\"tb_text_wrap\">\n    ICBVI42B    <\/div>\n<\/div>\n<!-- \/module plain text --><!-- Product Title module -->\n<div  class=\"module module-product-title tb_u7kk969 \" data-lazy=\"1\">\n\t<h2 class=\"tbp_title\">\n\t<a  href=\"https:\/\/www.subzerowolf.cz\/pl\/produkt\/okap-wyspowy-107cm-czarny-icbvi42b\/\">\n\t\tOkap wyspowy &#8211; 107 cm, Czarny\t\t<\/a>\n<\/h2><\/div>\n<!-- \/Product Title module -->        <\/div>\n                        <\/div>\n        <\/div>\n            <\/div>\n\n\t\t\t\t\t\t\t<\/li>\n\n\t\t\t\t\t\t\t\t\t\t\t\n\t\t\t\t\n\t\t<\/ul>\n\t\t\t<!-- \/advanced-products module -->\n<\/div>\n        <\/div>\n                        <\/div>\n        <\/div>\n                        <div  data-lazy=\"1\" class=\"module_row themify_builder_row tb_xtc4249 tf_w\">\n            <style class=\"tbp_dc_styles\">.themify_builder.themify_builder_content-1037 .module_row.tb_xtc4249{background-image: none}<\/style><span class=\"builder_row_cover tf_abs\"><\/span>            <div class=\"row_inner col_align_middle tb_col_count_2 tf_box tf_rel\">\n                        <div  data-lazy=\"1\" class=\"module_column tb-column col4-2 tb_db0h249 first\">\n                    <!-- module text -->\n<div  class=\"module module-text tb_hf5i249  repeat \" data-lazy=\"1\">\n        <div  class=\"tb_text_wrap\">\n        <h2>Zam\u00f3w darmow\u0105 broszur\u0119<\/h2>    <\/div>\n<\/div>\n<!-- \/module text --><!-- module text -->\n<div  class=\"module module-text tb_4dng249   \" data-lazy=\"1\">\n        <div  class=\"tb_text_wrap\">\n        <p>Chcesz pozna\u0107 wszystkie produkty Sub-Zero i Wolf?<br>A mo\u017ce odkry\u0107 inspiracj\u0119 dla swojego nowego wn\u0119trza?<\/p>\n<p>Wype\u0142nij formularz i zam\u00f3w nasz katalog.<\/p>    <\/div>\n<\/div>\n<!-- \/module text -->        <\/div>\n                    <div  data-lazy=\"1\" class=\"module_column tb-column col4-2 tb_e0p3249 last\">\n                    <!-- module plain text -->\n<div  class=\"module module-plain-text tb_imud249 \" data-lazy=\"1\">\n        <div class=\"tb_text_wrap\">\n    <div class=\"wpforms-container wpforms-container-full subzero-wolf-form wpforms-render-modern\" id=\"wpforms-262\"><form id=\"wpforms-form-262\" class=\"wpforms-validate wpforms-form wpforms-ajax-form\" data-formid=\"262\" method=\"post\" enctype=\"multipart\/form-data\" action=\"\/pl\/wp-json\/wp\/v2\/pages\/1037\" data-token=\"573499e124945de8aeb3e4eb03146681\" data-token-time=\"1777624231\"><noscript class=\"wpforms-error-noscript\">Aby wype\u0142ni\u0107 ten formularz, w\u0142\u0105cz obs\u0142ug\u0119 JavaScript w przegl\u0105darce.<\/noscript><div class=\"wpforms-hidden\" id=\"wpforms-error-noscript\">Aby wype\u0142ni\u0107 ten formularz, w\u0142\u0105cz obs\u0142ug\u0119 JavaScript w przegl\u0105darce.<\/div><div class=\"wpforms-field-container\"><div id=\"wpforms-262-field_1-container\" class=\"wpforms-field wpforms-field-text\" data-field-id=\"1\"><label class=\"wpforms-field-label wpforms-label-hide\" for=\"wpforms-262-field_1\" aria-hidden=\"false\">Jm\u00e9no a p\u0159\u00edjmen\u00ed <span class=\"wpforms-required-label\" aria-hidden=\"true\">*<\/span><\/label><input type=\"text\" id=\"wpforms-262-field_1\" class=\"wpforms-field-large wpforms-field-required\" name=\"wpforms[fields][1]\" placeholder=\"Jm\u00e9no a p\u0159\u00edjmen\u00ed\" aria-errormessage=\"wpforms-262-field_1-error\" required><\/div><div id=\"wpforms-262-field_2-container\" class=\"wpforms-field wpforms-field-email\" data-field-id=\"2\"><label class=\"wpforms-field-label wpforms-label-hide\" for=\"wpforms-262-field_2\" aria-hidden=\"false\">E-mail <span class=\"wpforms-required-label\" aria-hidden=\"true\">*<\/span><\/label><input type=\"email\" id=\"wpforms-262-field_2\" class=\"wpforms-field-large wpforms-field-required\" name=\"wpforms[fields][2]\" placeholder=\"E-mail\" spellcheck=\"false\" aria-errormessage=\"wpforms-262-field_2-error\" required><\/div><div id=\"wpforms-262-field_3-container\" class=\"wpforms-field wpforms-field-phone\" data-field-id=\"3\"><label class=\"wpforms-field-label wpforms-label-hide\" for=\"wpforms-262-field_3\" aria-hidden=\"false\">Telefonn\u00ed \u010d\u00edslo<\/label><input type=\"tel\" id=\"wpforms-262-field_3\" class=\"wpforms-field-large wpforms-smart-phone-field\" data-rule-smart-phone-field=\"true\" name=\"wpforms[fields][3]\" placeholder=\"Telefonn\u00ed \u010d\u00edslo\" aria-label=\"Telefonn\u00ed \u010d\u00edslo\" aria-errormessage=\"wpforms-262-field_3-error\" ><\/div><div id=\"wpforms-262-field_4-container\" class=\"wpforms-field wpforms-field-hidden\" data-field-id=\"4\"><input type=\"hidden\" id=\"wpforms-262-field_4\" name=\"wpforms[fields][4]\" value=\"WWW: \"><\/div><\/div><!-- .wpforms-field-container --><div class=\"wpforms-submit-container\" ><input type=\"hidden\" name=\"wpforms[id]\" value=\"262\"><input type=\"hidden\" name=\"page_title\" value=\"\"><input type=\"hidden\" name=\"page_url\" value=\"https:\/\/www.subzerowolf.cz\/pl\/wp-json\/wp\/v2\/pages\/1037\"><button type=\"submit\" name=\"wpforms[submit]\" id=\"wpforms-submit-262\" class=\"wpforms-submit subzero-wolf-form-button\" data-alt-text=\"Odes\u00edl\u00e1n\u00ed...\" data-submit-text=\"Objednat\" aria-live=\"assertive\" value=\"wpforms-submit\">Objednat<\/button><img loading=\"lazy\" decoding=\"async\" src=\"https:\/\/www.subzerowolf.cz\/wp-content\/plugins\/wpforms\/assets\/images\/submit-spin.svg\" class=\"wpforms-submit-spinner\" style=\"display: none;\" width=\"26\" height=\"26\" alt=\"Wczytywanie\"><\/div><\/form><\/div>  <!-- .wpforms-container -->    <\/div>\n<\/div>\n<!-- \/module plain text -->        <\/div>\n                        <\/div>\n        <\/div>\n        <\/div>\n<!--\/themify_builder_content-->","protected":false},"excerpt":{"rendered":"<p>Wentylacja kuchenna Wybierz profesjonalny styl lub bardziej wsp\u00f3\u0142czesne opcje, kt\u00f3re mo\u017cna schowa\u0107 poza zasi\u0119giem wzroku lub zainstalowa\u0107 jako uzupe\u0142nienie ka\u017cdego nowoczesnego projektu kuchni. Wydajne sterowanie silnikiem i o\u015bwietlenie LED sprawiaj\u0105, \u017ce obszar gotowania jest jasny, \u015bwie\u017cy i czysty, a filtry mo\u017cna my\u0107 w zmywarce, co u\u0142atwia czyszczenie. Zam\u00f3w darmow\u0105 broszur\u0119 Chcesz pozna\u0107 wszystkie produkty Sub-Zero [&hellip;]<\/p>\n","protected":false},"author":2,"featured_media":0,"parent":848,"menu_order":0,"comment_status":"closed","ping_status":"closed","template":"","meta":{"_acf_changed":false,"inline_featured_image":false,"footnotes":""},"class_list":["post-1037","page","type-page","status-publish","hentry","has-post-title","has-post-date","has-post-category","has-post-tag","has-post-comment","has-post-author",""],"acf":[],"builder_content":"<h1>Wentylacja kuchenna<\/h1>\n\n[embed]http:\/\/www.subzerowolf.cz\/wp-content\/uploads\/2023\/10\/Subzero_Master-01.mp4[\/embed]\n<p>Wybierz profesjonalny styl lub bardziej wsp\u00f3\u0142czesne opcje, kt\u00f3re mo\u017cna schowa\u0107 poza zasi\u0119giem wzroku lub zainstalowa\u0107 jako uzupe\u0142nienie ka\u017cdego nowoczesnego projektu kuchni. Wydajne sterowanie silnikiem i o\u015bwietlenie LED sprawiaj\u0105, \u017ce obszar gotowania jest jasny, \u015bwie\u017cy i czysty, a filtry mo\u017cna my\u0107 w zmywarce, co u\u0142atwia czyszczenie.<\/p>\n<h2>Zam\u00f3w darmow\u0105 broszur\u0119<\/h2>\n<p>Chcesz pozna\u0107 wszystkie produkty Sub-Zero i Wolf?<br>A mo\u017ce odkry\u0107 inspiracj\u0119 dla swojego nowego wn\u0119trza?<\/p> <p>Wype\u0142nij formularz i zam\u00f3w nasz katalog.<\/p>\n[wpforms id=\"262\" title=\"false\"]","_links":{"self":[{"href":"https:\/\/www.subzerowolf.cz\/pl\/wp-json\/wp\/v2\/pages\/1037","targetHints":{"allow":["GET"]}}],"collection":[{"href":"https:\/\/www.subzerowolf.cz\/pl\/wp-json\/wp\/v2\/pages"}],"about":[{"href":"https:\/\/www.subzerowolf.cz\/pl\/wp-json\/wp\/v2\/types\/page"}],"author":[{"embeddable":true,"href":"https:\/\/www.subzerowolf.cz\/pl\/wp-json\/wp\/v2\/users\/2"}],"replies":[{"embeddable":true,"href":"https:\/\/www.subzerowolf.cz\/pl\/wp-json\/wp\/v2\/comments?post=1037"}],"version-history":[{"count":12,"href":"https:\/\/www.subzerowolf.cz\/pl\/wp-json\/wp\/v2\/pages\/1037\/revisions"}],"predecessor-version":[{"id":2779,"href":"https:\/\/www.subzerowolf.cz\/pl\/wp-json\/wp\/v2\/pages\/1037\/revisions\/2779"}],"up":[{"embeddable":true,"href":"https:\/\/www.subzerowolf.cz\/pl\/wp-json\/wp\/v2\/pages\/848"}],"wp:attachment":[{"href":"https:\/\/www.subzerowolf.cz\/pl\/wp-json\/wp\/v2\/media?parent=1037"}],"curies":[{"name":"wp","href":"https:\/\/api.w.org\/{rel}","templated":true}]}}